{"id":3419,"date":"2019-01-28T13:24:35","date_gmt":"2019-01-28T11:24:35","guid":{"rendered":"https:\/\/ph.yhb.org.il\/es\/?page_id=3419"},"modified":"2019-01-29T10:43:03","modified_gmt":"2019-01-29T08:43:03","slug":"rabino-eliezer-melamed","status":"publish","type":"page","link":"https:\/\/ph.yhb.org.il\/es\/rabino-eliezer-melamed\/","title":{"rendered":"Rabino Eliezer Melamed"},"content":{"rendered":"\t\t<div data-elementor-type=\"wp-post\" data-elementor-id=\"3419\" class=\"elementor elementor-3419 elementor-bc-flex-widget\" data-elementor-post-type=\"page\">\n\t\t\t\t\t\t<section class=\"elementor-section elementor-top-section elementor-element elementor-element-a9ff4d2 elementor-section-boxed elementor-section-height-default elementor-section-height-default\" data-id=\"a9ff4d2\" data-element_type=\"section\" data-e-type=\"section\">\n\t\t\t\t\t\t<div class=\"elementor-container elementor-column-gap-default\">\n\t\t\t\t\t<div class=\"elementor-column elementor-col-100 elementor-top-column elementor-element elementor-element-c0b73ba\" data-id=\"c0b73ba\" data-element_type=\"column\" data-e-type=\"column\">\n\t\t\t<div class=\"elementor-widget-wrap elementor-element-populated\">\n\t\t\t\t\t\t<div class=\"elementor-element elementor-element-dfb3816 elementor-widget elementor-widget-heading\" data-id=\"dfb3816\" data-element_type=\"widget\" data-e-type=\"widget\" data-widget_type=\"heading.default\">\n\t\t\t\t<div class=\"elementor-widget-container\">\n\t\t\t\t\t<h2 class=\"elementor-heading-title elementor-size-default\">Rabino Eliezer Melamed<\/h2>\t\t\t\t<\/div>\n\t\t\t\t<\/div>\n\t\t\t\t<div class=\"elementor-element elementor-element-265d758 elementor-widget elementor-widget-text-editor\" data-id=\"265d758\" data-element_type=\"widget\" data-e-type=\"widget\" data-widget_type=\"text-editor.default\">\n\t\t\t\t<div class=\"elementor-widget-container\">\n\t\t\t\t\t\t\t\t\t<p style=\"direction: ltr;\"><img decoding=\"async\" class=\"alignright size-thumbnail wp-image-3405\" src=\"https:\/\/ph.yhb.org.il\/es\/wp-content\/uploads\/sites\/7\/2019\/01\/\u05d4\u05e8\u05d1-\u05de\u05dc\u05de\u05d3-150x150.jpg\" alt=\"\" width=\"150\" height=\"150\" \/>Rabino ortodoxo, decano de Yeshivat Har Beraj\u00e1 y Rabino jefe de esa localidad. Es el autor de la serie de libros \u00abPninei Halaj\u00e1\u00bb y columnista fijo del peri\u00f3dico religioso \u00abBeSheva\u00bb.<\/p>\t\t\t\t\t\t\t\t<\/div>\n\t\t\t\t<\/div>\n\t\t\t\t<div class=\"elementor-element elementor-element-9933d90 elementor-widget elementor-widget-heading\" data-id=\"9933d90\" data-element_type=\"widget\" data-e-type=\"widget\" data-widget_type=\"heading.default\">\n\t\t\t\t<div class=\"elementor-widget-container\">\n\t\t\t\t\t<h3 class=\"elementor-heading-title elementor-size-default\">Biograf\u00eda<\/h3>\t\t\t\t<\/div>\n\t\t\t\t<\/div>\n\t\t\t\t<div class=\"elementor-element elementor-element-6f8e6ba elementor-widget elementor-widget-text-editor\" data-id=\"6f8e6ba\" data-element_type=\"widget\" data-e-type=\"widget\" data-widget_type=\"text-editor.default\">\n\t\t\t\t<div class=\"elementor-widget-container\">\n\t\t\t\t\t\t\t\t\t<p>Naci\u00f3 en Jerusal\u00e9m el 28 de junio de 1961, hijo del Rabino Zalman Melamed y su esposa la Rabanit Shulamit. Desde su temprana juventud fue alumno del Rabino Tzv\u00ed Iehuda Kuk. Asisti\u00f3 al colegio Jorev, en segundo tercero y cuarto a\u00f1o de secundaria estudi\u00f3 en \u00abYeshivat Ierushalaim Letzeirim\u00bb y luego seis a\u00f1os m\u00e1s en Yeshivat Merkaz HaRav. Obtuvo su ordenaci\u00f3n rab\u00ednica en el verano de 1988 de su maestro el Rabino Abraham Shapira y del Rabino Jaim Katz \u2013 docente de las yeshivot Beit El y Merkaz HaRav. Ense\u00f1\u00f3 durante un a\u00f1o en un Kolel para \u00abBaalei Teshuv\u00e1\u00bb (personas en proceso de retorno al juda\u00edsmo normativo) en el barrio de Mea She\u00b4arim y luego pas\u00f3 a ense\u00f1ar y a estudiar por cinco a\u00f1os m\u00e1s en la Yeshiv\u00e1 de Beit El. Durante dos d\u00e9cadas estuvo al frente de la Yeshiv\u00e1 de Har Beraj\u00e1 y en el 2016 anunci\u00f3 p\u00fablicamente su renuncia al puesto. En el a\u00f1o 2018 volvi\u00f3 a ocuparlo.<\/p><p>Form\u00f3 parte de los l\u00edderes fundadores del movimiento juvenil religioso Ariel siendo su primer secretario general. Estableci\u00f3 la sucursal del movimiento Ariel en el barrio jud\u00edo de la ciudad vieja de Jerusal\u00e9m y particip\u00f3 activamente de su actividad educativa. Durante el per\u00edodo de los acuerdos de Oslo fungi\u00f3 como secretario y editor de la revista del \u00abVa\u00b4ad Rabanei Yesha\u00bb (Comit\u00e9 de Rabinos de Judea, Samaria y Gaza) y fue miembro del \u00abIjud HaRabanim Lema\u00b4an Eretz Israel\u00bb (Uni\u00f3n de Rabinos por la Tierra de Israel\u00bb).<\/p><p>Durante a\u00f1os el Rabino Melamed ha activado en el proyecto radial y de comunicaci\u00f3n \u00abArutz Sheva\u00bb, donde tuvo un espacio diario fijo destinado a las consultas hal\u00e1jicas de los radioescuchas. Algunos de estos espacios fueron elaborados bajo la forma de texto y dieron lugar a la publicaci\u00f3n de los primeros tomos de la serie \u00abPninei Halaj\u00e1\u00bb. En la actualidad el Rabino Melamed escribe en el peri\u00f3dico \u00abBeSheva\u00bb donde detenta la columna \u00abRevivim\u00bb, en la cual se ocupa de temas de actualidad hal\u00e1jica con conexi\u00f3n a cuestiones sociales, familiares, comunitarias y nacionales. Algunos de estos art\u00edculos han sido recopilados y ordenados por temas y fueron publicados en tres tomos.<\/p><p>El Rabino Melamed fue galardonado por la C\u00e1tedra de Tor\u00e1 y Sabidur\u00eda de Guiv\u00b4at Shmuel con el \u00abPremio a la Creaci\u00f3n Jud\u00eda\u00bb a nombre del Rabino Tzv\u00ed Iehuda HaCohen Kuk.<\/p><p>Est\u00e1 casado con la Rabanit Inbal, hija del pintor Tuvia Katz y es padre de trece hijos.<\/p>\t\t\t\t\t\t\t\t<\/div>\n\t\t\t\t<\/div>\n\t\t\t\t<div class=\"elementor-element elementor-element-9e6924f elementor-widget elementor-widget-heading\" data-id=\"9e6924f\" data-element_type=\"widget\" data-e-type=\"widget\" data-widget_type=\"heading.default\">\n\t\t\t\t<div class=\"elementor-widget-container\">\n\t\t\t\t\t<h2 class=\"elementor-heading-title elementor-size-default\">La serie de libros \"Pninei Halaj\u00e1\"<\/h2>\t\t\t\t<\/div>\n\t\t\t\t<\/div>\n\t\t\t\t<div class=\"elementor-element elementor-element-b12bf31 elementor-widget elementor-widget-text-editor\" data-id=\"b12bf31\" data-element_type=\"widget\" data-e-type=\"widget\" data-widget_type=\"text-editor.default\">\n\t\t\t\t<div class=\"elementor-widget-container\">\n\t\t\t\t\t\t\t\t\t<p>La serie de libros \u00abPninei Halaj\u00e1\u00bb (\u00abPerlas de la Halaj\u00e1\u00bb)<\/p><p>Cuenta con diecis\u00e9is tomos sobre temas diversos. Su objetivo es incluir todos los temas relevantes para nuestros d\u00edas y aun no ha sido completada. A esta serie se le agrega otra cuyo nombre es \u00abHarjavot Lifninei Halaj\u00e1\u00bb (\u00abAmpliaciones a Pninei Halaj\u00e1\u00bb) en la cual a las halajot se les agregan ap\u00e9ndices, fundamentos y sus significados m\u00e1s profundos extra\u00eddos del mundo del pensamiento jud\u00edo. De esta serie se han editado ya cuatro tomos sobre los temas de Berajot, Shabat, Yamim Nora\u00edm, Moadim y Sucot.<\/p><p>Esta serie pone de manifiesto el m\u00e9todo de estudio y sentencia del Rabino Melamed que tiene expresi\u00f3n en su columna \u00abRevivim\u00bb del peri\u00f3dico \u00abBeSheva\u00bb as\u00ed como tambi\u00e9n en las clases que imparte. Se han vendido m\u00e1s de un mill\u00f3n de sus libros en diferentes idiomas en numerosas ediciones.<\/p><p>Am\u00e9n de exponer la halaj\u00e1 desde su principio general hasta sus detalles particulares en estrecho v\u00ednculo a su sentido espiritual, sus libros se caracterizan por tomar en cuenta las diferentes costumbres de las distintas comunidades. Como sentenciador hal\u00e1jico, el Rabino Melamed entiende que solamente en aquellos casos en los que existe una costumbre comunitaria particular significativa se debe de presentar la norma como discutida. En la mayor\u00eda de los casos en los que no existe una tradici\u00f3n comunitaria evidente el Rabino Melamed se referir\u00e1 \u00fanicamente a las costumbres ashkenaz\u00ed y sefarad\u00ed. \u00c9l rechaza la idea de que cada comunidad debe seguir exclusivamente la sentencia de sus rabinos incluso en aquellas cuestiones en la que no existe una tradici\u00f3n propia significativa.<\/p>\t\t\t\t\t\t\t\t<\/div>\n\t\t\t\t<\/div>\n\t\t\t\t\t<\/div>\n\t\t<\/div>\n\t\t\t\t\t<\/div>\n\t\t<\/section>\n\t\t\t\t<\/div>\n\t\t","protected":false},"excerpt":{"rendered":"<p>Rabino Eliezer Melamed Rabino ortodoxo, decano de Yeshivat Har Beraj\u00e1 y Rabino jefe de esa localidad. Es el autor de la serie de libros \u00abPninei Halaj\u00e1\u00bb y columnista fijo del peri\u00f3dico religioso \u00abBeSheva\u00bb. Biograf\u00eda Naci\u00f3 en Jerusal\u00e9m el 28 de junio de 1961, hijo del Rabino Zalman Melamed y su esposa la Rabanit Shulamit. Desde [&hellip;]<\/p>\n","protected":false},"author":1,"featured_media":0,"parent":0,"menu_order":0,"comment_status":"closed","ping_status":"closed","template":"","meta":{"footnotes":""},"class_list":["post-3419","page","type-page","status-publish","hentry"],"yoast_head":"<!-- This site is optimized with the Yoast SEO plugin v27.3 - https:\/\/yoast.com\/product\/yoast-seo-wordpress\/ -->\n<title>Rabino Eliezer Melamed - Pninei Halaj\u00e1<\/title>\n<meta name=\"robots\" content=\"index, follow, max-snippet:-1, max-image-preview:large, max-video-preview:-1\" \/>\n<link rel=\"canonical\" href=\"https:\/\/ph.yhb.org.il\/es\/rabino-eliezer-melamed\/\" \/>\n<meta property=\"og:locale\" content=\"es_ES\" \/>\n<meta property=\"og:type\" content=\"article\" \/>\n<meta property=\"og:title\" content=\"Rabino Eliezer Melamed - Pninei Halaj\u00e1\" \/>\n<meta property=\"og:description\" content=\"Rabino Eliezer Melamed Rabino ortodoxo, decano de Yeshivat Har Beraj\u00e1 y Rabino jefe de esa localidad. Es el autor de la serie de libros \u00abPninei Halaj\u00e1\u00bb y columnista fijo del peri\u00f3dico religioso \u00abBeSheva\u00bb. Biograf\u00eda Naci\u00f3 en Jerusal\u00e9m el 28 de junio de 1961, hijo del Rabino Zalman Melamed y su esposa la Rabanit Shulamit. Desde [&hellip;]\" \/>\n<meta property=\"og:url\" content=\"https:\/\/ph.yhb.org.il\/es\/rabino-eliezer-melamed\/\" \/>\n<meta property=\"og:site_name\" content=\"Pninei Halaj\u00e1\" \/>\n<meta property=\"article:modified_time\" content=\"2019-01-29T08:43:03+00:00\" \/>\n<meta name=\"twitter:card\" content=\"summary_large_image\" \/>\n<meta name=\"twitter:label1\" content=\"Tiempo de lectura\" \/>\n\t<meta name=\"twitter:data1\" content=\"4 minutos\" \/>\n<script type=\"application\/ld+json\" class=\"yoast-schema-graph\">{\"@context\":\"https:\\\/\\\/schema.org\",\"@graph\":[{\"@type\":\"WebPage\",\"@id\":\"https:\\\/\\\/ph.yhb.org.il\\\/es\\\/rabino-eliezer-melamed\\\/\",\"url\":\"https:\\\/\\\/ph.yhb.org.il\\\/es\\\/rabino-eliezer-melamed\\\/\",\"name\":\"Rabino Eliezer Melamed - Pninei Halaj\u00e1\",\"isPartOf\":{\"@id\":\"https:\\\/\\\/ph.yhb.org.il\\\/es\\\/#website\"},\"datePublished\":\"2019-01-28T11:24:35+00:00\",\"dateModified\":\"2019-01-29T08:43:03+00:00\",\"breadcrumb\":{\"@id\":\"https:\\\/\\\/ph.yhb.org.il\\\/es\\\/rabino-eliezer-melamed\\\/#breadcrumb\"},\"inLanguage\":\"es\",\"potentialAction\":[{\"@type\":\"ReadAction\",\"target\":[\"https:\\\/\\\/ph.yhb.org.il\\\/es\\\/rabino-eliezer-melamed\\\/\"]}]},{\"@type\":\"BreadcrumbList\",\"@id\":\"https:\\\/\\\/ph.yhb.org.il\\\/es\\\/rabino-eliezer-melamed\\\/#breadcrumb\",\"itemListElement\":[{\"@type\":\"ListItem\",\"position\":1,\"name\":\"Inicio\",\"item\":\"https:\\\/\\\/ph.yhb.org.il\\\/es\\\/\"},{\"@type\":\"ListItem\",\"position\":2,\"name\":\"Rabino Eliezer Melamed\"}]},{\"@type\":\"WebSite\",\"@id\":\"https:\\\/\\\/ph.yhb.org.il\\\/es\\\/#website\",\"url\":\"https:\\\/\\\/ph.yhb.org.il\\\/es\\\/\",\"name\":\"Pninei Halaj\u00e1\",\"description\":\"Rabino Eliezer Melamed\",\"potentialAction\":[{\"@type\":\"SearchAction\",\"target\":{\"@type\":\"EntryPoint\",\"urlTemplate\":\"https:\\\/\\\/ph.yhb.org.il\\\/es\\\/?s={search_term_string}\"},\"query-input\":{\"@type\":\"PropertyValueSpecification\",\"valueRequired\":true,\"valueName\":\"search_term_string\"}}],\"inLanguage\":\"es\"}]}<\/script>\n<!-- \/ Yoast SEO plugin. -->","yoast_head_json":{"title":"Rabino Eliezer Melamed - Pninei Halaj\u00e1","robots":{"index":"index","follow":"follow","max-snippet":"max-snippet:-1","max-image-preview":"max-image-preview:large","max-video-preview":"max-video-preview:-1"},"canonical":"https:\/\/ph.yhb.org.il\/es\/rabino-eliezer-melamed\/","og_locale":"es_ES","og_type":"article","og_title":"Rabino Eliezer Melamed - Pninei Halaj\u00e1","og_description":"Rabino Eliezer Melamed Rabino ortodoxo, decano de Yeshivat Har Beraj\u00e1 y Rabino jefe de esa localidad. Es el autor de la serie de libros \u00abPninei Halaj\u00e1\u00bb y columnista fijo del peri\u00f3dico religioso \u00abBeSheva\u00bb. Biograf\u00eda Naci\u00f3 en Jerusal\u00e9m el 28 de junio de 1961, hijo del Rabino Zalman Melamed y su esposa la Rabanit Shulamit. Desde [&hellip;]","og_url":"https:\/\/ph.yhb.org.il\/es\/rabino-eliezer-melamed\/","og_site_name":"Pninei Halaj\u00e1","article_modified_time":"2019-01-29T08:43:03+00:00","twitter_card":"summary_large_image","twitter_misc":{"Tiempo de lectura":"4 minutos"},"schema":{"@context":"https:\/\/schema.org","@graph":[{"@type":"WebPage","@id":"https:\/\/ph.yhb.org.il\/es\/rabino-eliezer-melamed\/","url":"https:\/\/ph.yhb.org.il\/es\/rabino-eliezer-melamed\/","name":"Rabino Eliezer Melamed - Pninei Halaj\u00e1","isPartOf":{"@id":"https:\/\/ph.yhb.org.il\/es\/#website"},"datePublished":"2019-01-28T11:24:35+00:00","dateModified":"2019-01-29T08:43:03+00:00","breadcrumb":{"@id":"https:\/\/ph.yhb.org.il\/es\/rabino-eliezer-melamed\/#breadcrumb"},"inLanguage":"es","potentialAction":[{"@type":"ReadAction","target":["https:\/\/ph.yhb.org.il\/es\/rabino-eliezer-melamed\/"]}]},{"@type":"BreadcrumbList","@id":"https:\/\/ph.yhb.org.il\/es\/rabino-eliezer-melamed\/#breadcrumb","itemListElement":[{"@type":"ListItem","position":1,"name":"Inicio","item":"https:\/\/ph.yhb.org.il\/es\/"},{"@type":"ListItem","position":2,"name":"Rabino Eliezer Melamed"}]},{"@type":"WebSite","@id":"https:\/\/ph.yhb.org.il\/es\/#website","url":"https:\/\/ph.yhb.org.il\/es\/","name":"Pninei Halaj\u00e1","description":"Rabino Eliezer Melamed","potentialAction":[{"@type":"SearchAction","target":{"@type":"EntryPoint","urlTemplate":"https:\/\/ph.yhb.org.il\/es\/?s={search_term_string}"},"query-input":{"@type":"PropertyValueSpecification","valueRequired":true,"valueName":"search_term_string"}}],"inLanguage":"es"}]}},"_links":{"self":[{"href":"https:\/\/ph.yhb.org.il\/es\/wp-json\/wp\/v2\/pages\/3419","targetHints":{"allow":["GET"]}}],"collection":[{"href":"https:\/\/ph.yhb.org.il\/es\/wp-json\/wp\/v2\/pages"}],"about":[{"href":"https:\/\/ph.yhb.org.il\/es\/wp-json\/wp\/v2\/types\/page"}],"author":[{"embeddable":true,"href":"https:\/\/ph.yhb.org.il\/es\/wp-json\/wp\/v2\/users\/1"}],"replies":[{"embeddable":true,"href":"https:\/\/ph.yhb.org.il\/es\/wp-json\/wp\/v2\/comments?post=3419"}],"version-history":[{"count":0,"href":"https:\/\/ph.yhb.org.il\/es\/wp-json\/wp\/v2\/pages\/3419\/revisions"}],"wp:attachment":[{"href":"https:\/\/ph.yhb.org.il\/es\/wp-json\/wp\/v2\/media?parent=3419"}],"curies":[{"name":"wp","href":"https:\/\/api.w.org\/{rel}","templated":true}]}}